{"version":"1.0","provider_name":"Legy\u0151z\u00f6m a betegs\u00e9gem:-)","provider_url":"https:\/\/revi11.cafeblog.hu","author_name":"revi11","author_url":"https:\/\/revi11.cafeblog.hu\/author\/revi11-2\/","title":"","html":"<p>&nbsp;Hulla vagyok,reggel f\u00e9l hatkor kel\u00e9s,azt\u00e1n t\u0171z a buszhoz,m\u00e1sf\u00e9l \u00f3ra z\u00f6tyi ut\u00e1n \"mel\u00f3\"n\u00e9gyig,azt\u00e1n megint m\u00e1sf\u00e9l \u00f3ra hazafel\u00e9.Rem\u00e9lem m\u00e1r csak p\u00e1r napig,azt\u00e1n \u00fajra kedves v\u00e1rosomban v\u00e9gzem a munk\u00e1mat majd:-)Itthon a szok\u00e1sos asszonyi teend\u0151k,f\u0151z\u00e9s,mos\u00e1s,mosogat\u00e1s,meg a&nbsp; t\u00f6bbi.Kedvesem lelkesen kiveszi a r\u00e9sz\u00e9t a h\u00e1zimunk\u00e1b\u00f3l\/nem nagyon l\u00e9v\u00e9n m\u00e1s v\u00e1laszt\u00e1sa\/.M\u00e9g j\u00f3,hogy pasi l\u00e9t\u00e9re szeret boltba j\u00e1rni,\u00e9s rendk\u00edv\u00fcl t\u00fcrelmesen v\u00e1rja ki a sor\u00e1t az \u00fczletekben,munka ut\u00e1n.<\/p><p>Sz\u00f3val iszom az ez\u00fcst kolloidot,szedem a magn\u00e9ziumot,meg az aloe ver\u00e1s cuccost,\u00e9s rem\u00e9lem n\u00e9gy h\u00e9t m\u00falva jobb lesz a r\u00e1ksz\u0171r\u00e9s eredm\u00e9nye.Jobbnak kell lenni,azaz MINDEN RENDBEN LESZ!Mindenesetre a hasam m\u00e1r nem f\u00faj\u00f3dik fel,\u00e9s nem f\u00e1j,ez m\u00e1r f\u00e9l siker.<\/p><p>H\u00e1l\u00e1s vagyok,a sorsnak tal\u00e1n,ami\u00e9rt v\u00e9gre \u00fajra van munk\u00e1m.M\u00e9g ha ilyen f\u00e1raszt\u00f3 is most egy nap,tudom,nemsok\u00e1ra m\u00e1r z\u00f6kken\u0151mentesen,\u00e9s csak p\u00e1r percre az \u00e9des otthont\u00f3l v\u00e9gzem majd.A l\u00e1bam is b\u00edrja,a sok f\u00e9m \u00f6sszetart:-)Ez\u00e9rt kell,ez\u00e9rt is,hogy minden rendben legyen,mert rengeteg c\u00e9lom van m\u00e9g az \u00e9letben.B\u00e1r most \u00fagy \u00e9rzem magam,mint akit kimostak,de ez m\u00e1r az eg\u00e9szs\u00e9ges f\u00e1radts\u00e1g.Van ilyen?Mindegy,\u00e9n betudom annak,\u00e9s k\u00e9sz.<\/p><p>Most neki k\u00e9ne \u00e1llnom pakolni,a mosott ruha sajna nem m\u00e1szik fel a v\u00e1llf\u00e1ra,\u00e9s nem hajt\u00f3dik \u00f6ssze mag\u00e1t\u00f3l.\u00c9s m\u00e1r nem tudok a fotelban lev\u0151 kupacra n\u00e9zni,csukott szemmel meg kiteszem magam az apr\u00f3 csapd\u00e1knak,\u00edgy nincs v\u00e1laszt\u00e1som.Reszkessetek,pulcsik,p\u00f3l\u00f3k,meg a t\u00f6bbi,j\u00f6v\u00f6k!<br><\/p>","type":"rich"}